{"id":59,"date":"2011-08-25T08:52:40","date_gmt":"2011-08-25T08:52:40","guid":{"rendered":"http:\/\/www.daniellinton-france.com\/?page_id=59"},"modified":"2017-03-06T10:28:41","modified_gmt":"2017-03-06T10:28:41","slug":"calendar","status":"publish","type":"page","link":"https:\/\/www.daniellinton-france.com\/?page_id=59","title":{"rendered":"Kalender"},"content":{"rendered":"<p><img decoding=\"async\" src=\"http:\/\/www.daniellinton-france.com\/wp-content\/uploads\/IMG_0654-2-e1488562761183.jpg\" alt=\"\" \/><br \/>\n&nbsp;<br \/>\n<strong> SPIELZEIT \/ SEASON 2016\/2017<\/strong><br \/>\n&nbsp;<\/p>\n<p><strong>24.02.17; 19.30: Landestheater Linz Neues Musiktheater<\/strong><\/p>\n<p>Die kleine Meerjungfrau<\/p>\n<p>Tanztheater zu Musik von Schreker\/Zemlinsky<\/p>\n<div><a href=\"https:\/\/www.landestheater-linz.at\/DE\/sitemap\/lth\/stuecke\/detail?EventSetID=2376&amp;ref=237616117&amp;spielzeit=2016\/17\">Details<\/a><\/div>\n<p>&nbsp;<\/p>\n<p><strong>17.02.17; 19:00: Volkshaus Dornach<\/strong><\/p>\n<p>Leh\u00e1r Galakonzert mit Martha Hirschmann und Jacques Le Roux<\/p>\n<div><a href=\"http:\/\/www.sabtours.at\/fileadmin\/user_upload\/A4_Flyer_Opernvortraege_Wallner_web.pdf\">Details<\/a><\/div>\n<p>&nbsp;<\/p>\n<p><strong>10.02.17; 19:00: Aula der staatlichen Berufsschule Freilassing<\/strong><\/p>\n<p>Liederabend mit Martha Hirschmann und Seho Chang<\/p>\n<div><a href=\"http:\/\/www.kulturverein-freilassing.de\">Details<\/a><\/div>\n<p>&nbsp;<\/p>\n<p><strong>25.01.17; 19.30: Landestheater Linz Neues Musiktheater<\/strong><\/p>\n<p>Im weissen R\u00f6ssl<\/p>\n<p>Operette von Ralph Benatzky<\/p>\n<div><a href=\"https:\/\/www.landestheater-linz.at\/DE\/sitemap\/lth\/stuecke\/detail?EventSetID=2379&amp;ref=237916108&amp;spielzeit=2016\/17\">Details<\/a><\/div>\n<p>&nbsp;<\/p>\n<p><strong>20.01.17; 19.30: Landestheater Linz Neues Musiktheater<\/strong><\/p>\n<p>Die kleine Meerjungfrau<\/p>\n<p>Tanztheater zu Musik von Schreker\/Zemlinsky<\/p>\n<div><a href=\"https:\/\/www.landestheater-linz.at\/stuecke\/detail?EventSetID=2376&amp;ref=237616117&amp;spielzeit=2016\/17\">Details<\/a><\/div>\n<p>&nbsp;<\/p>\n<p><strong>17.01.17; 19.30: Landestheater Linz Neues Musiktheater<\/strong><\/p>\n<p>Im weissen R\u00f6ssl<\/p>\n<p>Operette von Ralph Benatzky<\/p>\n<div><a href=\"https:\/\/www.landestheater-linz.at\/DE\/sitemap\/lth\/stuecke\/detail?EventSetID=2379&amp;ref=237916108&amp;spielzeit=2016\/17\">Details<\/a><\/div>\n<p>&nbsp;<\/p>\n<p><strong>23.12.16; 19.30: Landestheater Linz Neues Musiktheater<\/strong><\/p>\n<p>Im weissen R\u00f6ssl<\/p>\n<p>Operette von Ralph Benatzky<\/p>\n<div><a href=\"https:\/\/www.landestheater-linz.at\/DE\/sitemap\/lth\/stuecke\/detail?EventSetID=2379&amp;ref=237916108&amp;spielzeit=2016\/17\">Details<\/a><\/div>\n<p>&nbsp;<\/p>\n<p><strong>17.12.16; 19.30: Landestheater Linz Neues Musiktheater<\/strong><\/p>\n<p>Im weissen R\u00f6ssl<\/p>\n<p>Operette von Ralph Benatzky<\/p>\n<div><a href=\"https:\/\/www.landestheater-linz.at\/DE\/sitemap\/lth\/stuecke\/detail?EventSetID=2379&amp;ref=237916108&amp;spielzeit=2016\/17\">Details<\/a><\/div>\n<p>&nbsp;<\/p>\n<p><strong>01.12.16; 19.30: Landestheater Linz Neues Musiktheater<\/strong><\/p>\n<p>Die kleine Meerjungfrau<\/p>\n<p>Tanztheater zu Musik von Schreker\/Zemlinsky<\/p>\n<div><a href=\"https:\/\/www.landestheater-linz.at\/stuecke\/detail?EventSetID=2376&amp;ref=237616117&amp;spielzeit=2016\/17\">Details<\/a><\/div>\n<p>&nbsp;<\/p>\n<p><strong>18.11.16; 19.30: Landestheater Linz Neues Musiktheater<\/strong><\/p>\n<p>Die kleine Meerjungfrau<\/p>\n<p>Tanztheater zu Musik von Schreker\/Zemlinsky<\/p>\n<div><a href=\"https:\/\/www.landestheater-linz.at\/stuecke\/detail?EventSetID=2376&amp;ref=237616117&amp;spielzeit=2016\/17\">Details<\/a><\/div>\n<p>&nbsp;<\/p>\n<p><strong>13.11.16; 11.00: Landestheater Linz Neues Musiktheater<\/strong><\/p>\n<p>Auf Fl\u00fcgeln des Gesanges<\/p>\n<p>Matinee mit dem Johann Strauss Ensemble Linz<\/p>\n<p>Leitung: Daniel Linton-France<\/p>\n<p>Solist: Jacques Le Roux<\/p>\n<div><a href=\"http:\/\/www.johannstraussensemble.at\/cms\/index.php?option=com_icagenda&amp;view=list&amp;layout=event&amp;id=18&amp;Itemid=431\">Details<\/a><\/div>\n<p>&nbsp;<\/p>\n<p><strong>07.11.16; 17.00: Landestheater Linz Neues Musiktheater<\/strong><\/p>\n<p>Die kleine Meerjungfrau<\/p>\n<p>Tanztheater zu Musik von Schreker\/Zemlinsky<\/p>\n<div><a href=\"https:\/\/www.landestheater-linz.at\/stuecke\/detail?EventSetID=2376&amp;ref=237616117&amp;spielzeit=2016\/17\">Details<\/a><\/div>\n<p>&nbsp;<\/p>\n<p><strong>05.11.16; 17.00: Landestheater Linz Neues Musiktheater<\/strong><\/p>\n<p>Die kleine Meerjungfrau<\/p>\n<p>Tanztheater zu Musik von Schreker\/Zemlinsky<\/p>\n<div><a href=\"https:\/\/www.landestheater-linz.at\/stuecke\/detail?EventSetID=2376&amp;ref=237616117&amp;spielzeit=2016\/17\">Details<\/a><\/div>\n<p>&nbsp;<\/p>\n<p><strong>03.11.16; 17.00: Landestheater Linz Neues Musiktheater<\/strong><\/p>\n<p>Die kleine Meerjungfrau<\/p>\n<p>Tanztheater zu Musik von Schreker\/Zemlinsky<\/p>\n<div><a href=\"https:\/\/www.landestheater-linz.at\/stuecke\/detail?EventSetID=2376&amp;ref=237616117&amp;spielzeit=2016\/17\">Details<\/a><\/div>\n<p>&nbsp;<\/p>\n<p><strong>01.11.16; 17.00: Landestheater Linz Neues Musiktheater<\/strong><\/p>\n<p>Die kleine Meerjungfrau<\/p>\n<p>Tanztheater zu Musik von Schreker\/Zemlinsky<\/p>\n<div><a href=\"https:\/\/www.landestheater-linz.at\/stuecke\/detail?EventSetID=2376&amp;ref=237616117&amp;spielzeit=2016\/17\">Details<\/a><\/div>\n<p>&nbsp;<\/p>\n<p><strong>28.10.16; 20.00: Landestheater Linz Neues Musiktheater<\/strong><\/p>\n<p>Solaris<\/p>\n<p>Kammeroper nach dem Roman von Stanislaw Lem<\/p>\n<p>Musik von Michael Obst<\/p>\n<div><a href=\"https:\/\/www.landestheater-linz.at\/musiktheater\/stuecke\/detail?EventSetID=2386&amp;ref=238616106&amp;spielzeit=2016\/17\">Details<\/a><\/div>\n<p>&nbsp;<\/p>\n<p><strong>27.10.16; 19.30: Landestheater Linz Neues Musiktheater<\/strong><\/p>\n<p>Die kleine Meerjungfrau<\/p>\n<p>Tanztheater zu Musik von Schreker\/Zemlinsky<\/p>\n<div><a href=\"https:\/\/www.landestheater-linz.at\/DE\/sitemap\/lth\/stuecke\/detail?EventSetID=2376&amp;ref=237616117&amp;spielzeit=2016\/17\">Details<\/a><\/div>\n<p>&nbsp;<\/p>\n<p><strong>22.10.16; 15.00: Daegu Opera House Korea<\/strong><\/p>\n<p>Orfeo von Christoph Willibald Gluck<\/p>\n<div><a href=\"http:\/\/english.daeguoperahouse.org\/perfor\/view.asp?id=1314&amp;syear=2016&amp;smonth=10&amp;sday=&amp;sgubun=\">Details<\/a><\/div>\n<p>&nbsp;<\/p>\n<p><strong>21.10.16; 19.30: Daegu Opera House Korea<\/strong><\/p>\n<p>Orfeo von Christoph Willibald Gluck<\/p>\n<div><a href=\"http:\/\/english.daeguoperahouse.org\/perfor\/view.asp?id=1314&amp;syear=2016&amp;smonth=10&amp;sday=&amp;sgubun=\">Details<\/a><\/div>\n<p>&nbsp;<\/p>\n<p><strong>15.10.16; 19.30: Landestheater Linz Neues Musiktheater<\/strong><\/p>\n<p>Die kleine Meerjungfrau<\/p>\n<p>Tanztheater zu Musik von Schreker\/Zemlinsky<\/p>\n<div><a href=\"https:\/\/www.landestheater-linz.at\/DE\/sitemap\/lth\/stuecke\/detail?EventSetID=2376&amp;ref=237616117&amp;spielzeit=2016\/17\">Details<\/a><\/div>\n<p>&nbsp;<\/p>\n<p><strong>08.10.16; 20.00: Landestheater Linz Neues Musiktheater<\/strong><\/p>\n<p>Solaris<\/p>\n<p>Kammeroper nach dem Roman von Stanislaw Lem<\/p>\n<p>Musik von Michael Obst<\/p>\n<div><a href=\"https:\/\/www.landestheater-linz.at\/musiktheater\/stuecke\/detail?EventSetID=2386&amp;ref=238616106&amp;spielzeit=2016\/17\">Details<\/a><\/div>\n<p>&nbsp;<\/p>\n<p><strong>29.09.16; 20.00: Landestheater Linz Neues Musiktheater<\/strong><\/p>\n<p>Solaris<\/p>\n<p>Kammeroper nach dem Roman von Stanislaw Lem<\/p>\n<p>Musik von Michael Obst<\/p>\n<div><a href=\"https:\/\/www.landestheater-linz.at\/musiktheater\/stuecke\/detail?EventSetID=2386&amp;ref=238616106&amp;spielzeit=2016\/17\">Details<\/a><\/div>\n<p>&nbsp;<\/p>\n<p><strong>23.09.16; 20.00: Landestheater Linz Neues Musiktheater<\/strong><\/p>\n<p>Solaris<\/p>\n<p>Kammeroper nach dem Roman von Stanislaw Lem<\/p>\n<p>Musik von Michael Obst<\/p>\n<div><a href=\"https:\/\/www.landestheater-linz.at\/musiktheater\/stuecke\/detail? EventSetID=2386&amp;ref=238616106&amp;spielzeit=2016\/17\">Details<\/a><\/div>\n<p>&nbsp;<\/p>\n<p><strong>20.09.16; 20.00: Landestheater Linz Neues Musiktheater<\/strong><\/p>\n<p>Solaris<\/p>\n<p>Kammeroper nach dem Roman von Stanislaw Lem<\/p>\n<p>Musik von Michael Obst<\/p>\n<div><a href=\"https:\/\/www.landestheater-linz.at\/musiktheater\/stuecke\/detail?EventSetID=2386&amp;ref=238616106&amp;spielzeit=2016\/17\">Details<\/a><\/div>\n<p>&nbsp;<\/p>\n<p><strong>17.09.16; 18.00: Landestheater Linz Neues Musiktheater<\/strong><\/p>\n<p>Solaris<\/p>\n<p>Kammeroper nach dem Roman von Stanislaw Lem<\/p>\n<p>Musik von Michael Obst<\/p>\n<div><a href=\"https:\/\/www.landestheater-linz.at\/musiktheater\/stuecke\/detail?EventSetID=2386&amp;ref=238616106&amp;spielzeit=2016\/17\">Details<\/a><\/div>\n<p>&nbsp;<\/p>\n<p><strong> SPIELZEIT \/ SEASON 2015\/2016<\/strong><\/p>\n<p>&nbsp;<\/p>\n<p><strong>24.06.16; 19.30: Landestheater Linz Neues Musiktheater<\/strong><\/p>\n<p>Carmina Burana von Carl Orff<\/p>\n<p>Tanztheater<\/p>\n<div><a href=\"https:\/\/www.landestheater-linz.at\/stuecke\/detail?EventSetID=2102&amp;ref=210211403016&amp;spielzeit=2015\/16\">Details<\/a><\/div>\n<p>&nbsp;<\/p>\n<p><strong>21.06.16; 19.30: Landestheater Linz Neues Musiktheater<\/strong><\/p>\n<p>Orfeo von Christoph Willibald Gluck<\/p>\n<div><a href=\"https:\/\/www.landestheater-linz.at\/stuecke\/detail?EventSetID=2101&amp;ref=210115119&amp;spielzeit=2015\/16\">Details<\/a><\/div>\n<p>&nbsp;<\/p>\n<p><strong>17.06.16; 19.00: Landestheater Linz Neues Musiktheater<\/strong><\/p>\n<p>Orfeo von Christoph Willibald Gluck<\/p>\n<div><a href=\"https:\/\/www.landestheater-linz.at\/stuecke\/detail?EventSetID=2101&amp;ref=210115119&amp;spielzeit=2015\/16\">Details<\/a><\/div>\n<p>&nbsp;<\/p>\n<p><strong>02.06.16; 19.30: Landestheater Linz Neues Musiktheater<\/strong><\/p>\n<p>McTeague<\/p>\n<p>Oper von William Bolcom<\/p>\n<div><a href=\"https:\/\/www.landestheater-linz.at\/stuecke\/detail?EventSetID=2095&amp;ref=209515104&amp;spielzeit=2015\/16\">Details<\/a><\/div>\n<p>&nbsp;<\/p>\n<p><strong>28.05.16; 19.30: Landestheater Linz Neues Musiktheater<\/strong><\/p>\n<p>Carmina Burana von Carl Orff<\/p>\n<p>Tanztheater<\/p>\n<div><a href=\"https:\/\/www.landestheater-linz.at\/stuecke\/detail?EventSetID=2102&amp;ref=210211403016&amp;spielzeit=2015\/16\">Details<\/a><\/div>\n<p>&nbsp;<\/p>\n<p><strong>21.05.16; 19.30: Landestheater Linz Neues Musiktheater<\/strong><\/p>\n<p>Carmina Burana von Carl Orff<\/p>\n<p>Tanztheater<\/p>\n<div><a href=\"https:\/\/www.landestheater-linz.at\/stuecke\/detail?EventSetID=2102&amp;ref=210211403016&amp;spielzeit=2015\/16\">Details<\/a><\/div>\n<p>&nbsp;<\/p>\n<p><strong>13.05.16; 19.30: Landestheater Linz Neues Musiktheater<\/strong><\/p>\n<p>Orfeo von Christoph Willibald Gluck<\/p>\n<div><a href=\"https:\/\/www.landestheater-linz.at\/stuecke\/detail?EventSetID=2101&amp;ref=210115119&amp;spielzeit=2015\/16\">Details<\/a><\/div>\n<p>&nbsp;<\/p>\n<p><strong>03.05.16; 19.30: Landestheater Linz Neues Musiktheater<\/strong><\/p>\n<p>Orfeo von Christoph Willibald Gluck<\/p>\n<div><a href=\"https:\/\/www.landestheater-linz.at\/stuecke\/detail?EventSetID=2101&amp;ref=210115119&amp;spielzeit=2015\/16\">Details<\/a><\/div>\n<p>&nbsp;<\/p>\n<p><strong>26.04.16; 19.30: Landestheater Linz Neues Musiktheater<\/strong><\/p>\n<p>Die lustige Witwe<\/p>\n<p>Operette von Franz Lehar<\/p>\n<div><a href=\"https:\/\/www.landestheater-linz.at\/DE\/sitemap\/lth\/stuecke\/detail?EventSetID=2093&amp;ref=209315102&amp;spielzeit=2015\/16\">Details<\/a><\/div>\n<p>&nbsp;<\/p>\n<p><strong>17.04.16; 11.00: Landestheater Linz Neues Musiktheater<\/strong><\/p>\n<p>Sonntags-Foyer der Freunde des Musiktheaters<\/p>\n<p>Klavierwerke und Lieder von Debussy<\/p>\n<div><a href=\"https:\/\/www.landestheater-linz.at\/DE\/sitemap\/lth\/stuecke\/detail?EventSetID=2124&amp;ref=212415209&amp;spielzeit=2015\/16\">Details<\/a><\/div>\n<p>&nbsp;<\/p>\n<p><strong>16.04.16; 16.00: Landesgalerie Linz<\/strong><\/p>\n<p>Mosaik-Kammermusikkonzert<\/p>\n<p>Schostakowich Klavierquintett mit Mitgliedern des Br\u00fcckner Orchesters Linz<\/p>\n<div><a href=\"http:\/\/www.bruckner-orchester.at\/19408_DE-Der_Kalender-Stueckdetail_Neu.htm?stueckid=472&amp;quelle=BO&amp;sparte=MOSAIK&amp;month=01\">Details<\/a><\/div>\n<p>&nbsp;<\/p>\n<p><strong>15.04.16; 11.00: Landestheater Linz Neues Musiktheater<\/strong><\/p>\n<p>move on Sch\u00fclerkonzert<\/p>\n<div><a href=\"http:\/\/www.bruckner-orchester.at\/19408_DE-Der_Kalender-Stueckdetail_Neu.htm?stueckid=21009&amp;quelle=LTH&amp;sparte=&amp;month=01\">Details<\/a><\/div>\n<p>&nbsp;<\/p>\n<p><strong>11.04.16; 19.30: Landestheater Linz Neues Musiktheater<\/strong><\/p>\n<p>McTeague<\/p>\n<p>Oper von William Bolcom<\/p>\n<div><a href=\"https:\/\/www.landestheater-linz.at\/stuecke\/detail?EventSetID=2095&amp;ref=209515104&amp;spielzeit=2015\/16\">Details<\/a><\/div>\n<p>&nbsp;<\/p>\n<p><strong>03.04.16; 17.00: Landestheater Linz Neues Musiktheater<\/strong><\/p>\n<p>Die lustige Witwe<\/p>\n<p>Operette von Franz Lehar<\/p>\n<div><a href=\"https:\/\/www.landestheater-linz.at\/DE\/sitemap\/lth\/stuecke\/detail?EventSetID=2093&amp;ref=209315102&amp;spielzeit=2015\/16\">Details<\/a><\/div>\n<p>&nbsp;<\/p>\n<p><strong>02.04.16; 19.30: Landestheater Linz Neues Musiktheater<\/strong><\/p>\n<p>McTeague<\/p>\n<p>Oper von William Bolcom<\/p>\n<div><a href=\"https:\/\/www.landestheater-linz.at\/stuecke\/detail?EventSetID=2095&amp;ref=209515104&amp;spielzeit=2015\/16\">Details<\/a><\/div>\n<p>&nbsp;<\/p>\n<p><strong>29.02.16; 19.30: Landestheater Linz Neues Musiktheater<\/strong><\/p>\n<p>Orfeo von Christoph Willibald Gluck<\/p>\n<div><a href=\"https:\/\/www.landestheater-linz.at\/stuecke\/detail?EventSetID=2101&amp;ref=210115119&amp;spielzeit=2015\/16\">Details<\/a><\/div>\n<p>&nbsp;<\/p>\n<p><strong>27.02.16; 19.30: Landestheater Linz Neues Musiktheater<\/strong><\/p>\n<p>Premiere Orfeo von Christoph Willibald Gluck<\/p>\n<div><a href=\"https:\/\/www.landestheater-linz.at\/stuecke\/detail?EventSetID=2101&amp;ref=210115119&amp;spielzeit=2015\/16\">Details<\/a><\/div>\n<p>&nbsp;<\/p>\n<p><strong>02.02.16; 19.30: Landestheater Linz Neues Musiktheater<\/strong><\/p>\n<p>Die lustige Witwe<\/p>\n<p>Operette von Franz Lehar<\/p>\n<div><a href=\"https:\/\/www.landestheater-linz.at\/DE\/sitemap\/lth\/stuecke\/detail?EventSetID=2093&amp;ref=209315102&amp;spielzeit=2015\/16\">Details<\/a><\/div>\n<p>&nbsp;<\/p>\n<p><strong>27.01.16; 19.30: Landestheater Linz Neues Musiktheater<\/strong><\/p>\n<p>Die lustige Witwe<\/p>\n<p>Operette von Franz Lehar<\/p>\n<div><a href=\"https:\/\/www.landestheater-linz.at\/DE\/sitemap\/lth\/stuecke\/detail?EventSetID=2093&amp;ref=209315102&amp;spielzeit=2015\/16\">Details<\/a><\/div>\n<p>&nbsp;<\/p>\n<p><strong>02.01.16; 19.30: Landestheater Linz Neues Musiktheater<\/strong><\/p>\n<p>Die lustige Witwe<\/p>\n<p>Operette von Franz Lehar<\/p>\n<div><a href=\"https:\/\/www.landestheater-linz.at\/DE\/sitemap\/lth\/stuecke\/detail?EventSetID=2093&amp;ref=209315102&amp;spielzeit=2015\/16\">Details<\/a><\/div>\n<p>&nbsp;<\/p>\n<p><strong>11.12.15; 19.30: Landestheater Linz Neues Musiktheater<\/strong><\/p>\n<p>Die lustige Witwe<\/p>\n<p>Operette von Franz Lehar<\/p>\n<div><a href=\"https:\/\/www.landestheater-linz.at\/DE\/sitemap\/lth\/stuecke\/detail?EventSetID=2093&amp;ref=209315102&amp;spielzeit=2015\/16\">Details<\/a><\/div>\n<p>&nbsp;<\/p>\n<p><strong>06.12.15; 15.00: Landestheater Linz Neues Musiktheater<\/strong><\/p>\n<p>Die lustige Witwe<\/p>\n<p>Operette von Franz Lehar<\/p>\n<div><a href=\"https:\/\/www.landestheater-linz.at\/DE\/sitemap\/lth\/stuecke\/detail?EventSetID=2093&amp;ref=209315102&amp;spielzeit=2015\/16\">Details<\/a><\/div>\n<p>&nbsp;<\/p>\n<p>wird erg\u00e4nzt<\/p>\n<p>&nbsp;<\/p>\n<p><strong> SPIELZEIT \/ SEASON 2014\/2015<\/strong><\/p>\n<p><strong>13.06.15; 17.00: Landestheater Linz Neues Musiktheater<\/strong><\/p>\n<p>Die Cs\u00e1rd\u00e1sf\u00fcrstin<\/p>\n<p>Operette von Emmerich K\u00e1lm\u00e1n<\/p>\n<div><a href=\"https:\/\/www.landestheater-linz.at\/musiktheater\/stuecke\/detail?EventSetID=1848&amp;ref=184811412136&amp;spielzeit=2014\/15\">Details<\/a><\/div>\n<p>&nbsp;<\/p>\n<p><strong>05.06.15; 19.00: Gesellschaft f\u00fcr Musiktheater Wien<\/strong><\/p>\n<p>Kammermusikkonzert<\/p>\n<p>Werke von Beethoven, Schubert u.a.<\/p>\n<div><a href=\"http:\/\/www.iti-arte.at\/musiktheater\/veranstaltungen.htm\">Details<\/a><\/div>\n<p>&nbsp;<\/p>\n<p><strong>30.05.15; 19.30: Landestheater Linz Neues Musiktheater<\/strong><\/p>\n<p>Les Noces<\/p>\n<p>Ballettabend zur Musik von Igor Strawinsky<\/p>\n<div><a href=\"https:\/\/www.landestheater-linz.at\/musiktheater\/stuecke\/detail?EventSetID=1854&#038;ref=185411505306&#038;spielzeit=2014\/15\">Details<\/a><\/div>\n<p>&nbsp;<\/p>\n<p><strong>24.05.15; 17.00: Landestheater Linz Neues Musiktheater<\/strong><\/p>\n<p>Traumgekr\u00f6nt<\/p>\n<p>Liederabend mit Sonja Gornik<\/p>\n<div><a href=\"https:\/\/www.landestheater-linz.at\/DE\/sitemap\/lth\/stuecke\/detail?EventSetID=2247&#038;ref=224711505247&#038;spielzeit=2014\/15\">Details<\/a><\/div>\n<p>&nbsp;<\/p>\n<p><strong>15.05.15; 19.30: Landestheater Linz Neues Musiktheater<\/strong><\/p>\n<p>Die Cs\u00e1rd\u00e1sf\u00fcrstin<\/p>\n<p>Operette von Emmerich K\u00e1lm\u00e1n<\/p>\n<div><a href=\"https:\/\/www.landestheater-linz.at\/musiktheater\/stuecke\/detail?EventSetID=1848&amp;ref=184811412136&amp;spielzeit=2014\/15\">Details<\/a><\/div>\n<p>&nbsp;<\/p>\n<p><strong>29.04.15; 19.30: Landestheater Linz Neues Musiktheater<\/strong><\/p>\n<p>Die Cs\u00e1rd\u00e1sf\u00fcrstin<\/p>\n<p>Operette von Emmerich K\u00e1lm\u00e1n<\/p>\n<div><a href=\"https:\/\/www.landestheater-linz.at\/musiktheater\/stuecke\/detail?EventSetID=1848&amp;ref=184811412136&amp;spielzeit=2014\/15\">Details<\/a><\/div>\n<p>&nbsp;<\/p>\n<p><strong>12.04.15; 11.00: Landestheater Linz Neues Musiktheater<\/strong><\/p>\n<p>Living Room Artist Konzert Nr. 3<\/p>\n<div><a href=\"https:\/\/www.landestheater-linz.at\/stuecke\/detail?EventSetID=1915&#038;ref=191511501117#.U7k14ign8pQ\">Details<\/a><\/div>\n<p>&nbsp;<\/p>\n<p><strong>29.03.15; 17.00: Landestheater Linz Neues Musiktheater<\/strong><\/p>\n<p>Tosca von Giacomo Puccini<\/p>\n<div><a href=\"https:\/\/www.landestheater-linz.at\/EN\/sitemap\/lth\/stuecke\/detail?EventSetID=1845&#038;ref=184511409126&#038;spielzeit=2014\/15\">Details<\/a><\/div>\n<p>&nbsp;<\/p>\n<p><strong>21.03.15; 19.30: Landestheater Linz Neues Musiktheater<\/strong><\/p>\n<p>Die Cs\u00e1rd\u00e1sf\u00fcrstin<\/p>\n<p>Operette von Emmerich K\u00e1lm\u00e1n<\/p>\n<div><a href=\"https:\/\/www.landestheater-linz.at\/musiktheater\/stuecke\/detail?EventSetID=1848&amp;ref=184811412136&amp;spielzeit=2014\/15\">Details<\/a><\/div>\n<p>&nbsp;<\/p>\n<p><strong>18.03.15; 19.30: Landestheater Linz Neues Musiktheater<\/strong><\/p>\n<p>Tosca von Giacomo Puccini<\/p>\n<div><a href=\"https:\/\/www.landestheater-linz.at\/EN\/sitemap\/lth\/stuecke\/detail?EventSetID=1845&#038;ref=184511409126&#038;spielzeit=2014\/15\">Details<\/a><\/div>\n<p>&nbsp;<\/p>\n<p><strong>26.02.15; 19.30: Landestheater Linz Neues Musiktheater<\/strong><\/p>\n<p>Tosca von Giacomo Puccini<\/p>\n<div><a href=\"https:\/\/www.landestheater-linz.at\/EN\/sitemap\/lth\/stuecke\/detail?EventSetID=1845&#038;ref=184511409126&#038;spielzeit=2014\/15\">Details<\/a><\/div>\n<p>&nbsp;<\/p>\n<p><strong>26.01.15; 19.30: Landestheater Linz Neues Musiktheater<\/strong><\/p>\n<p>Die Cs\u00e1rd\u00e1sf\u00fcrstin<\/p>\n<p>Operette von Emmerich K\u00e1lm\u00e1n<\/p>\n<div><a href=\"https:\/\/www.landestheater-linz.at\/musiktheater\/stuecke\/detail?EventSetID=1848&amp;ref=184811412136&amp;spielzeit=2014\/15\">Details<\/a><\/div>\n<p>&nbsp;<\/p>\n<p><strong>22.01.15; 19.30: Landestheater Linz Neues Musiktheater<\/strong><\/p>\n<p>Die Cs\u00e1rd\u00e1sf\u00fcrstin<\/p>\n<p>Operette von Emmerich K\u00e1lm\u00e1n<\/p>\n<div><a href=\"https:\/\/www.landestheater-linz.at\/musiktheater\/stuecke\/detail?EventSetID=1848&amp;ref=184811412136&amp;spielzeit=2014\/15\">Details<\/a><\/div>\n<p>&nbsp;<\/p>\n<p><strong>11.01.15; 11.00: Landestheater Linz Neues Musiktheater<\/strong><\/p>\n<p>Living Room Artist Konzert Nr. 2<\/p>\n<div><a href=\"https:\/\/www.landestheater-linz.at\/stuecke\/detail?EventSetID=1915&#038;ref=191511501117#.U7k14ign8pQ\">Details<\/a><\/div>\n<p>&nbsp;<\/p>\n<p><strong>09.01.15; 19.30: Landestheater Linz Neues Musiktheater<\/strong><\/p>\n<p>Tosca von Giacomo Puccini<\/p>\n<div><a href=\"https:\/\/www.landestheater-linz.at\/EN\/sitemap\/lth\/stuecke\/detail?EventSetID=1845&#038;ref=184511409126&#038;spielzeit=2014\/15\">Details<\/a><\/div>\n<p>&nbsp;<\/p>\n<p><strong>04.01.15; 19.30: Landestheater Linz Neues Musiktheater<\/strong><\/p>\n<p>Carmen von Bizet<\/p>\n<div><a href=\"https:\/\/www.landestheater-linz.at\/stuecke\/detail?EventSetID=1832&#038;ref=183211405246&#038;spielzeit=2014\/15#.VFTA4ShREpQ\">Details<\/a><\/div>\n<p>&nbsp;<\/p>\n<p><strong>31.12.14; 19.00: Landestheater Linz Neues Musiktheater<\/strong><\/p>\n<p>Die Cs\u00e1rd\u00e1sf\u00fcrstin<\/p>\n<p>Operette von Emmerich K\u00e1lm\u00e1n<\/p>\n<div><a href=\"https:\/\/www.landestheater-linz.at\/musiktheater\/stuecke\/detail?EventSetID=1848&amp;ref=184811412136&amp;spielzeit=2014\/15\">Details<\/a><\/div>\n<p>&nbsp;<\/p>\n<p><strong>20.12.14; 19.00: Landestheater Linz Neues Musiktheater<\/strong><\/p>\n<p>Die Cs\u00e1rd\u00e1sf\u00fcrstin<\/p>\n<p>Operette von Emmerich K\u00e1lm\u00e1n<\/p>\n<div><a href=\"https:\/\/www.landestheater-linz.at\/musiktheater\/stuecke\/detail?EventSetID=1848&amp;ref=184811412136&amp;spielzeit=2014\/15\">Details<\/a><\/div>\n<p>&nbsp;<\/p>\n<p><strong>16.12.14; 19.30: Landestheater Linz Neues Musiktheater<\/strong><\/p>\n<p>Die Cs\u00e1rd\u00e1sf\u00fcrstin<\/p>\n<p>Operette von Emmerich K\u00e1lm\u00e1n<\/p>\n<div><a href=\"https:\/\/www.landestheater-linz.at\/musiktheater\/stuecke\/detail?EventSetID=1848&amp;ref=184811412136&amp;spielzeit=2014\/15\">Details<\/a><\/div>\n<p>&nbsp;<\/p>\n<p><strong>13.12.14; 19.30: Landestheater Linz Neues Musiktheater<\/strong><\/p>\n<p>Die Cs\u00e1rd\u00e1sf\u00fcrstin Premiere<\/p>\n<p>Operette von Emmerich K\u00e1lm\u00e1n<\/p>\n<div><a href=\"https:\/\/www.landestheater-linz.at\/musiktheater\/stuecke\/detail?EventSetID=1848&amp;ref=184811412136&amp;spielzeit=2014\/15\">Details<\/a><\/div>\n<p>&nbsp;<\/p>\n<p><strong>25.11.14; 19.30: Landestheater Linz Neues Musiktheater<\/strong><\/p>\n<p>Carmen von Bizet<\/p>\n<div><a href=\"https:\/\/www.landestheater-linz.at\/stuecke\/detail?EventSetID=1832&#038;ref=183211405246&#038;spielzeit=2014\/15#.VFTA4ShREpQ\">Details<\/a><\/div>\n<p>&nbsp;<\/p>\n<p><strong>25.10.14; 19.30: Landestheater Linz Neues Musiktheater<\/strong><\/p>\n<p>Tosca von Giacomo Puccini<\/p>\n<div><a href=\"https:\/\/www.landestheater-linz.at\/EN\/sitemap\/lth\/stuecke\/detail?EventSetID=1845&#038;ref=184511409126&#038;spielzeit=2014\/15\">Details<\/a><\/div>\n<p>&nbsp;<\/p>\n<p><strong>18.10.14; 19.00: Landestheater Linz Neues Musiktheater<\/strong><\/p>\n<p>Tosca von Giacomo Puccini<\/p>\n<div><a href=\"https:\/\/www.landestheater-linz.at\/EN\/sitemap\/lth\/stuecke\/detail?EventSetID=1845&#038;ref=184511409126&#038;spielzeit=2014\/15\">Details<\/a><\/div>\n<p>&nbsp;<\/p>\n<p><strong>15.10.14; 19.00: Landestheater Linz Neues Musiktheater<\/strong><\/p>\n<p>Tosca von Giacomo Puccini<\/p>\n<div><a href=\"https:\/\/www.landestheater-linz.at\/EN\/sitemap\/lth\/stuecke\/detail?EventSetID=1845&#038;ref=184511409126&#038;spielzeit=2014\/15\">Details<\/a><\/div>\n<p>&nbsp;<\/p>\n<p>wird erg\u00e4nzt<\/p>\n<p>&nbsp;<\/p>\n<p><strong> SPIELZEIT \/ SEASON 2013\/2014<\/strong><\/p>\n<p>&nbsp;<\/p>\n<p><strong>07.11.13; 19:00: Schloss Neupernstein, Kirchdorf<\/strong><\/p>\n<p>Werke von W.A.Mozart, R. Wagner und A. Schoenberg<\/p>\n<p>Bruckner Orchester Linz<\/p>\n<p>Dirigent: Daniel Linton-France<\/p>\n<p>Solistin: Elisabeth Breuer<\/p>\n<div><a href=\"http:\/\/www.bruckner-orchester.at\/3355_DE-Der_Konzertkalender-Detailansicht.htm?filter3333=id=0363\"> Konzert Bruckner Orchester<\/a><\/div>\n<p>&nbsp;<\/p>\n<p><strong>13.11.13; 19:30: Landestheater Linz Neues Musiktheater<\/strong><\/p>\n<p>Romeo und Julia von Prokofiev<\/p>\n<div><a href=\"http:\/\/www.landestheater-linz.at\/8578_DE-Stuecke-Stueckinfo.htm?stueckid=2618&amp;sparte=8\">Romeo und Julia<\/a><\/div>\n<p>&nbsp;<\/p>\n<p><strong>15.11.13; 19:30: Landestheater Linz Neues Musiktheater<\/strong><\/p>\n<p>Romeo und Julia von Prokofiev<\/p>\n<div><a href=\"http:\/\/www.landestheater-linz.at\/8578_DE-Stuecke-Stueckinfo.htm?stueckid=2618&amp;sparte=8\">Romeo und Julia<\/a><\/div>\n<p>&nbsp;<\/p>\n<p><strong>26.11.13; 19:30: Landestheater Linz Neues Musiktheater<\/strong><\/p>\n<p>Romeo und Julia von Prokofiev<\/p>\n<div><a href=\"http:\/\/www.landestheater-linz.at\/8578_DE-Stuecke-Stueckinfo.htm?stueckid=2618&amp;sparte=8\">Romeo und Julia<\/a><\/div>\n<p>&nbsp;<\/p>\n<p><strong>22.12.13; 19:30: Landestheater Linz<\/strong><\/p>\n<p>Ballet mit Musik von Prokofiev<\/p>\n<div><a href=\"http:\/\/www.landestheater-linz.at\/8578_DE-Stuecke-Stueckinfo.htm?stueckid=2577\">Peter und der Wolf<\/a><\/div>\n<p>&nbsp;<\/p>\n<p><strong>27.12.13; 17:00: Landestheater Linz<\/strong><\/p>\n<p>Ballet mit Musik von Prokofiev<\/p>\n<div><a href=\"http:\/\/www.landestheater-linz.at\/8578_DE-Stuecke-Stueckinfo.htm?stueckid=2577\">Peter und der Wolf<\/a><\/div>\n<p>&nbsp;<\/p>\n<p><strong>28.12.13; 19:30: Landestheater Linz Neues Musiktheater<\/strong><\/p>\n<p>Romeo und Julia von Prokofiev<\/p>\n<div><a href=\"http:\/\/www.landestheater-linz.at\/8578_DE-Stuecke-Stueckinfo.htm?stueckid=2618&amp;sparte=8\">Romeo und Julia<\/a><\/div>\n<p>&nbsp;<\/p>\n<p><strong>02.01.14; 19:30: Landestheater Linz Neues Musiktheater<\/strong><\/p>\n<p>Romeo und Julia von Prokofiev<\/p>\n<div><a href=\"http:\/\/www.landestheater-linz.at\/8578_DE-Stuecke-Stueckinfo.htm?stueckid=2618&amp;sparte=8\">Romeo und Julia<\/a><\/div>\n<p>&nbsp;<\/p>\n<p><strong>04.01.14; 17:00: Landestheater Linz<\/strong><\/p>\n<p>Ballet mit Musik von Prokofiev<\/p>\n<div><a href=\"http:\/\/www.landestheater-linz.at\/8578_DE-Stuecke-Stueckinfo.htm?stueckid=2577\">Peter und der Wolf<\/a><\/div>\n<p>&nbsp;<\/p>\n<p><strong>11.01.14; 17:00: Landestheater Linz<\/strong><\/p>\n<p>Ballet mit Musik von Prokofiev<\/p>\n<div><a href=\"http:\/\/www.landestheater-linz.at\/8578_DE-Stuecke-Stueckinfo.htm?stueckid=2577\">Peter und der Wolf<\/a><\/div>\n<p>&nbsp;<\/p>\n<p><strong>18.01.14; 19:30: Landestheater Linz Neues Musiktheater<\/strong><\/p>\n<p>Romeo und Julia von Prokofiev<\/p>\n<div><a href=\"http:\/\/www.landestheater-linz.at\/8578_DE-Stuecke-Stueckinfo.htm?stueckid=2618&amp;sparte=8\">Romeo und Julia<\/a><\/div>\n<p>&nbsp;<\/p>\n<p><strong>06.04.14; 17:00:Landestheater Linz Neues Musiktheater<\/strong><\/p>\n<p>Die Walk\u00fcre von Richard Wagner<\/p>\n<div><a href=\"http:\/\/www.landestheater-linz.at\/8578_DE-Stuecke-Stueckinfo.htm?seasonIndex=1&amp;stueckid=2683&amp;sparte=5\">Die Walk\u00fcre<\/a><\/div>\n<p>&nbsp;<\/p>\n<p><strong>10.04.14; 19:30:Landestheater Linz Neues Musiktheater<\/strong><\/p>\n<p>Die Zauberfl\u00f6te von W.A. Mozart<\/p>\n<div><a href=\"http:\/\/www.landestheater-linz.at\/8578_DE-Stuecke-Stueckinfo.htm?seasonIndex=1&amp;stueckid=2680&amp;sparte=5\">Die Zauberfl\u00f6te<\/a><\/div>\n<p>&nbsp;<\/p>\n<p><strong>26.04.14; 17:00:Landestheater Linz Neues Musiktheater<\/strong><\/p>\n<p>Die Walk\u00fcre von Richard Wagner<\/p>\n<div><a href=\"http:\/\/www.landestheater-linz.at\/8578_DE-Stuecke-Stueckinfo.htm?seasonIndex=1&amp;stueckid=2683&amp;sparte=5\">Die Walk\u00fcre<\/a><\/div>\n<p>&nbsp;<\/p>\n<p><strong>24.05.14; 19:30:Landestheater Linz Neues Musiktheater<\/strong><\/p>\n<p>Carmen von Bizet<\/p>\n<p><strong> Premiere! <\/strong><\/p>\n<div><a href=\"http:\/\/www.landestheater-linz.at\/8578_DE-Stuecke-Stueckinfo.htm?seasonIndex=2&amp;stueckid=2684&amp;sparte=5\">Carmen<\/a><\/div>\n<p>&nbsp;<\/p>\n<p><strong>27.05.14; 19:30:Landestheater Linz Neues Musiktheater<\/strong><\/p>\n<p>Carmen von Bizet<\/p>\n<div><a href=\"http:\/\/www.landestheater-linz.at\/8578_DE-Stuecke-Stueckinfo.htm?seasonIndex=2&amp;stueckid=2684&amp;sparte=5\">Carmen<\/a><\/div>\n<p>&nbsp;<\/p>\n<p><strong>01.06.14; 19:30:Landestheater Linz Neues Musiktheater<\/strong><\/p>\n<p>Die Zauberfl\u00f6te von W.A. Mozart<\/p>\n<div><a href=\"http:\/\/www.landestheater-linz.at\/8578_DE-Stuecke-Stueckinfo.htm?seasonIndex=1&amp;stueckid=2680&amp;sparte=5\">Die Zauberfl\u00f6te<\/a><\/div>\n<p>&nbsp;<\/p>\n<p><strong>02.06.14; 19:30:Landestheater Linz Neues Musiktheater<\/strong><\/p>\n<p>Carmen von Bizet<\/p>\n<div><a href=\"http:\/\/www.landestheater-linz.at\/8578_DE-Stuecke-Stueckinfo.htm?seasonIndex=2&amp;stueckid=2684&amp;sparte=5\">Carmen<\/a><\/div>\n<p>&nbsp;<\/p>\n<p><strong>13.06.14; 19:30:Landestheater Linz Neues Musiktheater<\/strong><\/p>\n<p>Carmen von Bizet<\/p>\n<div><a href=\"http:\/\/www.landestheater-linz.at\/8578_DE-Stuecke-Stueckinfo.htm?seasonIndex=2&amp;stueckid=2684&amp;sparte=5\">Carmen<\/a><\/div>\n<p>&nbsp;<\/p>\n<p><strong>15.06.14; 19:30:Landestheater Linz Neues Musiktheater<\/strong><\/p>\n<p>Carmen von Bizet<\/p>\n<div><a href=\"http:\/\/www.landestheater-linz.at\/8578_DE-Stuecke-Stueckinfo.htm?seasonIndex=2&amp;stueckid=2684&amp;sparte=5\">Carmen<\/a><\/div>\n<p>&nbsp;<\/p>\n<p><strong>21.06.14; 19:30:Landestheater Linz Neues Musiktheater<\/strong><\/p>\n<p>Carmen von Bizet<\/p>\n<div><a href=\"http:\/\/www.landestheater-linz.at\/8578_DE-Stuecke-Stueckinfo.htm?seasonIndex=2&amp;stueckid=2684&amp;sparte=5\">Carmen<\/a><\/div>\n<p>&nbsp;<\/p>\n<p><strong>02.07.14; 19:30:Landestheater Linz Neues Musiktheater<\/strong><\/p>\n<p>Carmen von Bizet<\/p>\n<div><a href=\"http:\/\/www.landestheater-linz.at\/8578_DE-Stuecke-Stueckinfo.htm?seasonIndex=2&amp;stueckid=2684&amp;sparte=5\">Carmen<\/a><\/div>\n<p>&nbsp;<\/p>\n<p>&nbsp;<\/p>\n<p><strong> SPIELZEIT \/ SEASON 2012\/2013<\/strong><\/p>\n<p>&nbsp;<\/p>\n<p><strong>21.09.12; 19.30h: Landestheater Linz<\/strong><\/p>\n<p>&#8220;AUFTAKT!&#8221; &#8211; DAS ER\u00d6FFNUNGSKONZERT<\/p>\n<p>&nbsp;<\/p>\n<p><strong>20.10.12;\u00a0<\/strong><strong> 16:00: Ober\u00f6sterreichisches Landesmuseum<\/strong><\/p>\n<p>Trio Opus 11 (Gassenhauer) von L.van Beethoven<\/p>\n<p>&nbsp;<\/p>\n<p><strong>31.10.12; 19:30: Landestheater Linz<\/strong><\/p>\n<p>Wieder Aufnahme<\/p>\n<p>Cosi fan tutte\u00a0von Mozart<\/p>\n<p>&nbsp;<\/p>\n<p><strong>07.11.12; 19:30: Landestheater Linz<\/strong><\/p>\n<p>Cosi fan tutte von Mozart<\/p>\n<p>&nbsp;<\/p>\n<p>&nbsp;<\/p>\n<p><strong>21.11.12; 19:30: Landestheater Linz<\/strong><\/p>\n<p>Cosi fan tutte von Mozart<\/p>\n<p>&nbsp;<\/p>\n<p>&nbsp;<\/p>\n<p><strong>30.11.12; 09:30:Ars Electronica Linz (Deep Space) <\/strong><\/p>\n<p>Finalisten Konzert des &#8220;Space Time Concerto Competition&#8221;<\/p>\n<p>Latency Challenge. Internationales Musizieren in &#8220;Real Time&#8221; mit Musikern in China, Singapore, Australien und Linz.<\/p>\n<div><a href=\"http:\/\/spacetimeconcerto.com\/\">Space Time Concerto Competition<\/a><\/div>\n<p>&nbsp;<\/p>\n<p>&nbsp;<\/p>\n<p><strong>29.12.12; 19:30: Landestheater Linz<\/strong><\/p>\n<p>Don Pasquale von Donizetti<\/p>\n<p>&nbsp;<\/p>\n<p>&nbsp;<\/p>\n<p><strong>05.01.13; 17:00: Landestheater Linz<\/strong><\/p>\n<p>Ballet mit Musik von Prokofiev<\/p>\n<p>&nbsp;<\/p>\n<p>&nbsp;<\/p>\n<p><strong>06.01.13; 15:00: Landestheater Linz<\/strong><\/p>\n<p>Ballet mit Musik von Prokofiev<\/p>\n<p>&nbsp;<\/p>\n<p>&nbsp;<\/p>\n<p><strong>09.01.13; 19:30: Landestheater Linz<\/strong><\/p>\n<p>Don Pasquale von Donizetti<\/p>\n<p>&nbsp;<\/p>\n<p>&nbsp;<\/p>\n<p><strong>11.01.13; 19:30: Stadttheater Wels<\/strong><\/p>\n<p>Welser Abonnementkonzerte<\/p>\n<p>Bruckner Orchester Linz<\/p>\n<p>Werke von Berio, Beethoven und Schmidinger<\/p>\n<p>&nbsp;<\/p>\n<p>&nbsp;<\/p>\n<p><strong>18.01.13; 11:00: Landestheater Linz<\/strong><\/p>\n<p>Ballet mit Musik von Prokofiev<\/p>\n<p>&nbsp;<\/p>\n<p>&nbsp;<\/p>\n<p><strong>19.01.13; 17:00: Landestheater Linz<\/strong><\/p>\n<p>Ballet mit Musik von Prokofiev<\/p>\n<p>&nbsp;<\/p>\n<p>&nbsp;<\/p>\n<p><strong>29.01.13; 19:30: Landestheater Linz<\/strong><\/p>\n<p>Don Pasquale von Donizetti<\/p>\n<p>&nbsp;<\/p>\n<p>&nbsp;<\/p>\n<p><strong>30.01.13; 11:00: Landestheater Linz<\/strong><\/p>\n<p>Kinder Konzert mit dem Bruckner Orchester<\/p>\n<p>&nbsp;<\/p>\n<p>&nbsp;<\/p>\n<p><strong>01.02.13; 11:00: Landestheater Linz<\/strong><\/p>\n<p>Kinder Konzert mit dem Bruckner Orchester<\/p>\n<p>&nbsp;<\/p>\n<p>&nbsp;<\/p>\n<p><strong>02.02.13; 19:30: Landestheater Linz<\/strong><\/p>\n<p>Don Pasquale von Donizetti<\/p>\n<p>&nbsp;<\/p>\n<p>&nbsp;<\/p>\n<p><strong>03.02.13; 11:00: Landestheater Linz<\/strong><\/p>\n<p>Move on Konzert mit dem Bruckner Orchester<\/p>\n<p>&nbsp;<\/p>\n<p>&nbsp;<\/p>\n<p><strong>04.02.13; 19:30: Landestheater Linz<\/strong><\/p>\n<p>Don Pasquale von Donizetti<\/p>\n<p>&nbsp;<\/p>\n<p>&nbsp;<\/p>\n<p><strong>11.02.13; 19:30: Landestheater Linz<\/strong><\/p>\n<p>Don Pasquale von Donizetti<\/p>\n<p>&nbsp;<\/p>\n<p>&nbsp;<\/p>\n<p><strong>14.02.13; 19:30: Treffpunkt Neue Musik ORF O\u00d6 und \u00d61<\/strong><\/p>\n<p>Ausz\u00fcge aus Opernwerken von Ober\u00f6sterreichischen Komponisten<\/p>\n<p>&nbsp;<\/p>\n<p>&nbsp;<\/p>\n<p><strong>16.02.13; 17:00: Landestheater Linz<\/strong><\/p>\n<p>Ballet mit Musik von Prokofiev<\/p>\n<p>&nbsp;<\/p>\n<p>&nbsp;<\/p>\n<p><strong>17.02.13; 11:00: Landestheater Linz<\/strong><\/p>\n<p>Move on Konzert mit dem Bruckner Orchester<\/p>\n<p>&nbsp;<\/p>\n<p>&nbsp;<\/p>\n<p><strong>21.02.13; 19:30: Landestheater Linz<\/strong><\/p>\n<p>Don Pasquale von Donizetti<\/p>\n<p>&nbsp;<\/p>\n<p>&nbsp;<\/p>\n<p><strong>05.03.13; 19:30: Landestheater Linz<\/strong><\/p>\n<p>Don Pasquale von Donizetti<\/p>\n<p>&nbsp;<\/p>\n<p>&nbsp;<\/p>\n<p><strong>12.03.13; 11:00: Landestheater Linz<\/strong><\/p>\n<p>Don Pasquale von Donizetti<\/p>\n<p>&nbsp;<\/p>\n<p>&nbsp;<\/p>\n<p><strong>21.03.13; 11:00: Landestheater Linz<\/strong><\/p>\n<p>Ballet mit Musik von Prokofiev<\/p>\n<p>&nbsp;<\/p>\n<p>&nbsp;<\/p>\n<p><strong>18.04.13; 19:30: Bruckner Universit\u00e4t Linz<\/strong><\/p>\n<p>Pulcinella von Strawinsky mit dem Studenten Orchester der Bruckner Universit\u00e4t<\/p>\n<div><a href=\"http:\/\/www.bruckneruni.at\/Studium\/Universitaetslehrgaenge\/Musikvermittlung-Musik-im-Kontext\/Pulcinella\">Pulcinella Bruckner Universit\u00e4t<\/a><\/div>\n<p>&nbsp;<\/p>\n<p>&nbsp;<\/p>\n<p><strong>01.05.13; 17:00: Landestheater Linz<\/strong><\/p>\n<p>Ballet mit Musik von Prokofiev<\/p>\n<div><a href=\"http:\/\/www.landestheater-linz.at\/8578_DE-Stuecke-Stueckinfo.htm?stueckid=2577\">Peter und der Wolf<\/a><\/div>\n<p>&nbsp;<\/p>\n<p>&nbsp;<\/p>\n<p><strong>09.05.13; 17:00: Landestheater Linz<\/strong><\/p>\n<p>Ballet mit Musik von Prokofiev<\/p>\n<div><a href=\"http:\/\/www.landestheater-linz.at\/8578_DE-Stuecke-Stueckinfo.htm?stueckid=2577\">Peter und der Wolf<\/a><\/div>\n<p>&nbsp;<\/p>\n<p>&nbsp;<\/p>\n<p><strong>17.05.13; 19:00: Gesellschaft f\u00fcr Musiktheater in Wien<\/strong><\/p>\n<p>Kammermusik von Tschaikowsky und Brahms<\/p>\n<p>Svetlana Teplova:Violine<br \/>\nLisi Bauer: Violoncello<br \/>\nDaniel Linton-France: Klavier<\/p>\n<p>&nbsp;<\/p>\n<p>&nbsp;<\/p>\n<p><strong>30.05.13; 17:00: Landestheater Linz Neues Musiktheater<\/strong><\/p>\n<p>Romeo und Julia von Prokofiev<\/p>\n<div><a href=\"http:\/\/www.landestheater-linz.at\/8578_DE-Stuecke-Stueckinfo.htm?stueckid=2618&amp;sparte=8\">Romeo und Julia<\/a><\/div>\n<p>&nbsp;<\/p>\n<p>&nbsp;<\/p>\n<p><strong>03.06.13; 19:30: Landestheater Linz Neues Musiktheater<\/strong><\/p>\n<p>Romeo und Julia von Prokofiev<\/p>\n<div><a href=\"http:\/\/www.landestheater-linz.at\/8578_DE-Stuecke-Stueckinfo.htm?stueckid=2618&amp;sparte=8\">Romeo und Julia<\/a><\/div>\n<p>&nbsp;<\/p>\n<p>&nbsp;<\/p>\n<p><strong>06.06.13; 19:30: Landestheater Linz Neues Musiktheater<\/strong><\/p>\n<p>Romeo und Julia von Prokofiev<\/p>\n<div><a href=\"http:\/\/www.landestheater-linz.at\/8578_DE-Stuecke-Stueckinfo.htm?stueckid=2618&amp;sparte=8\">Romeo und Julia<\/a><\/div>\n<p>&nbsp;<\/p>\n<p>&nbsp;<\/p>\n<p><strong>25.06.13; 19:30: Landestheater Linz Neues Musiktheater!<\/strong><\/p>\n<p>Don Pasquale von Donizetti<\/p>\n<div><a href=\"http:\/\/www.landestheater-linz.at\/8578_DE-Stuecke-Stueckinfo.htm?stueckid=2587&amp;sparte=5\">Don Pasquale<\/a><\/div>\n<p>&nbsp;<\/p>\n<p>&nbsp;<\/p>\n<p><strong>26.06.13; 19:30: Landestheater Linz Neues Musiktheater!<\/strong><\/p>\n<p>Don Pasquale von Donizetti<\/p>\n<div><a href=\"http:\/\/www.landestheater-linz.at\/8578_DE-Stuecke-Stueckinfo.htm?stueckid=2587&amp;sparte=5\">Don Pasquale<\/a><\/div>\n<p>&nbsp;<\/p>\n<p>&nbsp;<\/p>\n<p><strong>02.07.13; 17:00: Arkadenhof des Landhauses Linz<\/strong><\/p>\n<p>Mozart, Gl\u00fcck, Spiel und Leidenschaft mit Christa Ratzenb\u00f6ck, Katerina Beranova, Martin Achrainer: Gesang, Wolfgang Winkler: Moderation und Daniel Linton-France: Klavier<\/p>\n<div><a href=\"http:\/\/www.brucknerhaus.at\/www1\/de\/programm\/prog_kal.php?year=2013&amp;month=7&amp;lng=ger\">Mozart Gl\u00fcck, Spiel und Leidenschaft<\/a><\/div>\n<p>&nbsp;<\/p>\n<p>&nbsp;<\/p>\n<p><strong>04.07.13; 19:30: Landestheater Linz Neues Musiktheater!<\/strong><\/p>\n<p>Don Pasquale von Donizetti<\/p>\n<div><a href=\"http:\/\/www.landestheater-linz.at\/8578_DE-Stuecke-Stueckinfo.htm?stueckid=2587&amp;sparte=5\">Don Pasquale<\/a><\/div>\n<p>&nbsp;<\/p>\n<p>&nbsp;<\/p>\n<p><strong>05.06.13; 19:30: Landestheater Linz Neues Musiktheater<\/strong><\/p>\n<p>Romeo und Julia von Prokofiev<\/p>\n<div><a href=\"http:\/\/www.landestheater-linz.at\/8578_DE-Stuecke-Stueckinfo.htm?stueckid=2618&amp;sparte=8\">Romeo und Julia<\/a><\/div>\n<p>&nbsp;<\/p>\n<p>&nbsp;<\/p>\n<p><strong> SPIELZEIT \/ SEASON 2011\/2012<\/strong><\/p>\n<p>&nbsp;<\/p>\n<p><strong>16.09.11; 19.30h: Landestheater Linz<\/strong><\/p>\n<p>&#8220;AUFTAKT!&#8221; &#8211; DAS ER\u00d6FFNUNGSKONZERT<\/p>\n<p>&nbsp;<\/p>\n<p><strong>17.09.11; 19.30h: Landestheater Linz<\/strong><\/p>\n<p>La Boh\u00e8me von Puccini PREMIERE !<\/p>\n<p>&nbsp;<\/p>\n<p><strong>21.09.11; 19:30: Landestheater Linz<\/strong><\/p>\n<p>La Boh\u00e8me von Puccini<\/p>\n<p>&nbsp;<\/p>\n<p><strong>29.09.11; 19:30: Landestheater Linz<\/strong><\/p>\n<p>La Boh\u00e8me von Puccini<\/p>\n<p>&nbsp;<\/p>\n<p><strong>07.10.11;<\/strong> <strong>19:30: Landestheater Linz<\/strong><\/p>\n<p>La Boh\u00e8me von Puccini<\/p>\n<p>&nbsp;<\/p>\n<p><strong>22.10.11; 19:30: Landestheater Linz<\/strong><\/p>\n<p>La Boh\u00e8me von Puccini<\/p>\n<p>&nbsp;<\/p>\n<p><strong>29.10.11;\u00a0<\/strong><strong> 16:00: Ober\u00f6sterreichisches Landesmuseum<\/strong><\/p>\n<p>Trio Opus 11 (Gassenhauer) von L.van Beethoven<\/p>\n<p>&nbsp;<\/p>\n<p><strong>12.11.11; 19:30: Landestheater Linz<\/strong><\/p>\n<p>La Boh\u00e8me von Puccini<\/p>\n<p>&nbsp;<\/p>\n<p><strong>19.11.11; 19:30: Landestheater Linz<\/strong><\/p>\n<p>La Boh\u00e8me von Puccini<\/p>\n<p>&nbsp;<\/p>\n<p><strong>22.11.11; 19:30: Landestheater Linz<\/strong><\/p>\n<p>La Boh\u00e8me von Puccini<\/p>\n<p>&nbsp;<\/p>\n<p><strong>29.11.11; 19:30: Landestheater Linz<\/strong><\/p>\n<p>La Boh\u00e8me von Puccini<\/p>\n<p>&nbsp;<\/p>\n<p><strong>08.12.11; 17:00: Landestheater Linz<\/strong><\/p>\n<p>La Boh\u00e8me von Puccini<\/p>\n<p>&nbsp;<\/p>\n<p><strong>17.12.11;\u00a0<\/strong><strong>\u00a016:00: Ober\u00f6sterreichisches Landesmuseum<\/strong><\/p>\n<p>Zwei Ges\u00e4nge Opus 91 f\u00fcr Altstimme, Viola und Klavier von J. Brahms<\/p>\n<p>&nbsp;<\/p>\n<p><strong>17.12.11; 19:30: Landestheater Linz<\/strong><\/p>\n<p>Maria Stuarda von Donizetti<\/p>\n<p>&nbsp;<\/p>\n<p><strong>18.12.11; 11:00 und 15:30: Bruckner Haus Linz<\/strong><\/p>\n<p>Weihnachtskonzert mit dem Bruckner Orchester<\/p>\n<p>Moderation: Ulla Pilz<\/p>\n<p>&nbsp;<\/p>\n<p><strong>25.12.11; 19:30: Landestheater Linz<\/strong><\/p>\n<p>La Boh\u00e8me von Puccini<\/p>\n<p>&nbsp;<\/p>\n<p><strong>07.01.12; 19:30: Landestheater Linz<\/strong><\/p>\n<p>La Boh\u00e8me von Puccini<\/p>\n<p>&nbsp;<\/p>\n<p><strong>13.01.12; 19:30: Landestheater Linz<\/strong><\/p>\n<p>Maria Stuarda von Donizetti<\/p>\n<p>&nbsp;<\/p>\n<p><strong>19.01.12; 19:30: Landestheater Linz<\/strong><\/p>\n<p>Maria Stuarda von Donizetti<\/p>\n<p>&nbsp;<\/p>\n<p><strong>02.02.12; 19:30: Landestheater Linz<\/strong><\/p>\n<p>La Boh\u00e8me von Puccini<\/p>\n<p>&nbsp;<\/p>\n<p><strong>18.02.12; 19:30: Landestheater Linz<\/strong><\/p>\n<p>Cosi fan tutte von Mozart<\/p>\n<p>&nbsp;<\/p>\n<p><strong>26.02.12; 19:30: Landestheater Linz<\/strong><\/p>\n<p>Maria Stuarda von Donizetti<\/p>\n<p>&nbsp;<\/p>\n<p><strong>02.03.12; 19:30: Landestheater Linz<\/strong><\/p>\n<p>Cosi fan tutte von Mozart<\/p>\n<p>&nbsp;<\/p>\n<p>&nbsp;<\/p>\n<p><strong>07.03.12; 19:30: Landestheater Linz<\/strong><\/p>\n<p>Maria Stuarda von Donizetti<\/p>\n<p>&nbsp;<\/p>\n<p><strong>12.04.12; 19:30: Landestheater Linz<\/strong><\/p>\n<p>Cosi fan tutte von Mozart<\/p>\n<p>&nbsp;<\/p>\n<p>&nbsp;<\/p>\n<p><strong>17.04.12; 19:30: Landestheater Linz<\/strong><\/p>\n<p>Cosi fan tutte von Mozart<\/p>\n<p>&nbsp;<\/p>\n<p><strong>23.04.12; 19:30: Landestheater Linz<\/strong><\/p>\n<p>Cosi fan tutte von Mozart<\/p>\n<p>&nbsp;<\/p>\n<p>&nbsp;<\/p>\n<p><strong>24.04.12; 19:30: Landestheater Linz<\/strong><\/p>\n<p>Maria Stuarda von Donizetti<\/p>\n<p>&nbsp;<\/p>\n<p><strong>27.04.12; 19:30: Landestheater Linz<\/strong><\/p>\n<p>La Boh\u00e8me von Puccini<\/p>\n<p>&nbsp;<\/p>\n<p><strong>24.05.12; 19:30: Landestheater Linz<\/strong><\/p>\n<p>Cosi fan tutte von Mozart<\/p>\n<p>&nbsp;<\/p>\n<p><strong>28.05.12; 19:30: Landestheater Linz<\/strong><\/p>\n<p>Cosi fan tutte von Mozart<\/p>\n<p>&nbsp;<\/p>\n<p><strong>02.06.12; 21:15: Landestheater Linz Malersaal<\/strong><\/p>\n<p>Wesendonck Lieder von R. Wagner<\/p>\n<p>Gesang: Christa Ratzenb\u00f6ck, \u00a0Klavier: Daniel Linton-France<\/p>\n<p>&nbsp;<\/p>\n<p><strong>03.06.12; 17:00: Landestheater Linz<\/strong><\/p>\n<p>La Boh\u00e8me von Puccini<\/p>\n<p>&nbsp;<\/p>\n<p><strong>26.06.12; 19:30: Landestheater Linz<\/strong><\/p>\n<p>La Boh\u00e8me von Puccini<\/p>\n<p>&nbsp;<\/p>\n<p><strong>29.06.12; 19:30: Landestheater Linz<\/strong><\/p>\n<p>Cosi fan tutte von Mozart<\/p>\n<p>&nbsp;<\/p>\n<p>&nbsp;<\/p>\n<p>&nbsp;<\/p>\n","protected":false},"excerpt":{"rendered":"<p>&nbsp; SPIELZEIT \/ SEASON 2016\/2017 &nbsp; 24.02.17; 19.30: Landestheater Linz Neues Musiktheater Die kleine Meerjungfrau Tanztheater zu Musik von Schreker\/Zemlinsky Details &nbsp; 17.02.17; 19:00: Volkshaus Dornach Leh\u00e1r Galakonzert mit Martha Hirschmann und Jacques Le Roux Details &nbsp; 10.02.17; 19:00: Aula der staatlichen Berufsschule Freilassing Liederabend mit Martha Hirschmann und Seho Chang Details &nbsp; 25.01.17; 19.30: [&hellip;]<\/p>\n","protected":false},"author":1,"featured_media":0,"parent":0,"menu_order":1,"comment_status":"open","ping_status":"open","template":"","meta":{"footnotes":""},"class_list":["post-59","page","type-page","status-publish","hentry"],"_links":{"self":[{"href":"https:\/\/www.daniellinton-france.com\/index.php?rest_route=\/wp\/v2\/pages\/59","targetHints":{"allow":["GET"]}}],"collection":[{"href":"https:\/\/www.daniellinton-france.com\/index.php?rest_route=\/wp\/v2\/pages"}],"about":[{"href":"https:\/\/www.daniellinton-france.com\/index.php?rest_route=\/wp\/v2\/types\/page"}],"author":[{"embeddable":true,"href":"https:\/\/www.daniellinton-france.com\/index.php?rest_route=\/wp\/v2\/users\/1"}],"replies":[{"embeddable":true,"href":"https:\/\/www.daniellinton-france.com\/index.php?rest_route=%2Fwp%2Fv2%2Fcomments&post=59"}],"version-history":[{"count":88,"href":"https:\/\/www.daniellinton-france.com\/index.php?rest_route=\/wp\/v2\/pages\/59\/revisions"}],"predecessor-version":[{"id":759,"href":"https:\/\/www.daniellinton-france.com\/index.php?rest_route=\/wp\/v2\/pages\/59\/revisions\/759"}],"wp:attachment":[{"href":"https:\/\/www.daniellinton-france.com\/index.php?rest_route=%2Fwp%2Fv2%2Fmedia&parent=59"}],"curies":[{"name":"wp","href":"https:\/\/api.w.org\/{rel}","templated":true}]}}